{"id":39,"date":"2020-05-25T10:24:57","date_gmt":"2020-05-25T10:24:57","guid":{"rendered":"http:\/\/cafe-flower.de\/?page_id=39"},"modified":"2022-03-07T10:15:06","modified_gmt":"2022-03-07T10:15:06","slug":"ueber-uns","status":"publish","type":"page","link":"https:\/\/cafe-flower.de\/?page_id=39","title":{"rendered":"\u00dcber uns"},"content":{"rendered":"\n<p>Auf meinen vielen Reisen in verschiedene L\u00e4nder wie Amerika, Maui, Indien, \u00c4gypten und Europa lernte ich die verschiedenen Ess- und Kochkulturen der jeweiligen L\u00e4nder kennen und lieben.<\/p>\n\n\n\n<div class=\"wp-block-image\"><figure class=\"aligncenter size-large\"><img loading=\"lazy\" decoding=\"async\" width=\"690\" height=\"1024\" src=\"https:\/\/cafe-flower.de\/wp-content\/uploads\/2022\/03\/cafeflower_schwerereiter-690x1024.jpg\" alt=\"\" class=\"wp-image-1156\" srcset=\"https:\/\/cafe-flower.de\/wp-content\/uploads\/2022\/03\/cafeflower_schwerereiter-690x1024.jpg 690w, https:\/\/cafe-flower.de\/wp-content\/uploads\/2022\/03\/cafeflower_schwerereiter-202x300.jpg 202w, https:\/\/cafe-flower.de\/wp-content\/uploads\/2022\/03\/cafeflower_schwerereiter-768x1140.jpg 768w, https:\/\/cafe-flower.de\/wp-content\/uploads\/2022\/03\/cafeflower_schwerereiter-1035x1536.jpg 1035w, https:\/\/cafe-flower.de\/wp-content\/uploads\/2022\/03\/cafeflower_schwerereiter-1379x2048.jpg 1379w, https:\/\/cafe-flower.de\/wp-content\/uploads\/2022\/03\/cafeflower_schwerereiter-612x909.jpg 612w, https:\/\/cafe-flower.de\/wp-content\/uploads\/2022\/03\/cafeflower_schwerereiter-1224x1817.jpg 1224w, https:\/\/cafe-flower.de\/wp-content\/uploads\/2022\/03\/cafeflower_schwerereiter-936x1390.jpg 936w, https:\/\/cafe-flower.de\/wp-content\/uploads\/2022\/03\/cafeflower_schwerereiter-1440x2138.jpg 1440w, https:\/\/cafe-flower.de\/wp-content\/uploads\/2022\/03\/cafeflower_schwerereiter-720x1069.jpg 720w, https:\/\/cafe-flower.de\/wp-content\/uploads\/2022\/03\/cafeflower_schwerereiter.jpg 1500w\" sizes=\"auto, (max-width: 690px) 100vw, 690px\" \/><figcaption>Ihr findet uns direkt an der Dachauer Stra\u00dfe \/ Leonrodplatz<\/figcaption><\/figure><\/div>\n\n\n\n<p>Aus diesen vielen Eindr\u00fccken und Erlebnissen entstand langsam die Idee f\u00fcr ein neues Caf\u00e9 \/ Restaurantkonzept, in welchem f\u00fcr K\u00f6rper, Geist und Seele gekocht wird. Durch das sorgsame mischen der einzelnen Kr\u00e4uter, Gew\u00fcrzen und Marinaden entsteht ein ganz neues Geschmackserlebnis.<\/p>\n\n\n\n<p><strong>Was man i\u00dft, ist man.<\/strong><\/p>\n\n\n\n<p>Deshalb verzichten wir auch bei der Zubereitung der Speisen auf k\u00fcnstliche Aromen und Farbstoffe. Unsere Gerichte verfeinern wir lieber mit frischen Kr\u00e4utern, erlesenen Gew\u00fcrzen, Samen und K\u00f6rnern.<\/p>\n\n\n\n<p>Selbstverst\u00e4ndlich kochen wir ohne Natriumglutamat. Grossen Wert legen wir vor allem auf frische Lebensmittel, die aus der Region stammen. Beim Fleisch legen wir grossen Wert auf bayerische Aufzucht und Schlachtung.<\/p>\n\n\n\n<p>Sollten Sie Allergien auf Kr\u00e4uter, N\u00fcsse oder andere Produkte haben, so lassen Sie dies unsere Serviceteam wissen. Selbstverst\u00e4ndlich k\u00f6nnen wir Ihnen eine Alternative anbieten.<\/p>\n\n\n\n<div class=\"wp-block-image\"><figure class=\"aligncenter size-large\"><img loading=\"lazy\" decoding=\"async\" width=\"690\" height=\"1024\" src=\"https:\/\/cafe-flower.de\/wp-content\/uploads\/2022\/03\/cafeflower_terrasse-690x1024.jpg\" alt=\"\" class=\"wp-image-1151\" srcset=\"https:\/\/cafe-flower.de\/wp-content\/uploads\/2022\/03\/cafeflower_terrasse-690x1024.jpg 690w, https:\/\/cafe-flower.de\/wp-content\/uploads\/2022\/03\/cafeflower_terrasse-202x300.jpg 202w, https:\/\/cafe-flower.de\/wp-content\/uploads\/2022\/03\/cafeflower_terrasse-768x1140.jpg 768w, https:\/\/cafe-flower.de\/wp-content\/uploads\/2022\/03\/cafeflower_terrasse-1035x1536.jpg 1035w, https:\/\/cafe-flower.de\/wp-content\/uploads\/2022\/03\/cafeflower_terrasse-1379x2048.jpg 1379w, https:\/\/cafe-flower.de\/wp-content\/uploads\/2022\/03\/cafeflower_terrasse-612x909.jpg 612w, https:\/\/cafe-flower.de\/wp-content\/uploads\/2022\/03\/cafeflower_terrasse-1224x1817.jpg 1224w, https:\/\/cafe-flower.de\/wp-content\/uploads\/2022\/03\/cafeflower_terrasse-936x1390.jpg 936w, https:\/\/cafe-flower.de\/wp-content\/uploads\/2022\/03\/cafeflower_terrasse-1440x2138.jpg 1440w, https:\/\/cafe-flower.de\/wp-content\/uploads\/2022\/03\/cafeflower_terrasse-720x1069.jpg 720w, https:\/\/cafe-flower.de\/wp-content\/uploads\/2022\/03\/cafeflower_terrasse.jpg 1500w\" sizes=\"auto, (max-width: 690px) 100vw, 690px\" \/><\/figure><\/div>\n\n\n\n<p>Nun w\u00fcnschen wir Ihnen einen angenehmen Aufenthalt und einen guten Appetit. Sollten Sie aus irgend einem Grund einmal nicht zufrieden sein, so lassen Sie uns auch das wissen. Denn nur so k\u00f6nnen wir besser werden und auf unsere G\u00e4ste eingehen&#8230; Willkommen im Caf\u00e9 Flower!<\/p>\n","protected":false},"excerpt":{"rendered":"<p>Auf meinen vielen Reisen in verschiedene L\u00e4nder wie Amerika, Maui, Indien, \u00c4gypten und Europa lernte ich die verschiedenen Ess- und Kochkulturen der jeweiligen L\u00e4nder kennen und lieben. Aus diesen vielen Eindr\u00fccken und Erlebnissen entstand langsam die Idee f\u00fcr ein neues Caf\u00e9 \/ Restaurantkonzept, in welchem f\u00fcr K\u00f6rper, Geist und Seele gekocht wird. Durch das sorgsame&#8230; <a href=\"https:\/\/cafe-flower.de\/?page_id=39\">Continue reading <span class=\"screen-reader-text\">&#8222;\u00dcber uns&#8220;<\/span><\/a><\/p>\n","protected":false},"author":1,"featured_media":0,"parent":0,"menu_order":0,"comment_status":"closed","ping_status":"closed","template":"","meta":{"footnotes":""},"class_list":["post-39","page","type-page","status-publish","hentry"],"_links":{"self":[{"href":"https:\/\/cafe-flower.de\/index.php?rest_route=\/wp\/v2\/pages\/39","targetHints":{"allow":["GET"]}}],"collection":[{"href":"https:\/\/cafe-flower.de\/index.php?rest_route=\/wp\/v2\/pages"}],"about":[{"href":"https:\/\/cafe-flower.de\/index.php?rest_route=\/wp\/v2\/types\/page"}],"author":[{"embeddable":true,"href":"https:\/\/cafe-flower.de\/index.php?rest_route=\/wp\/v2\/users\/1"}],"replies":[{"embeddable":true,"href":"https:\/\/cafe-flower.de\/index.php?rest_route=%2Fwp%2Fv2%2Fcomments&post=39"}],"version-history":[{"count":8,"href":"https:\/\/cafe-flower.de\/index.php?rest_route=\/wp\/v2\/pages\/39\/revisions"}],"predecessor-version":[{"id":1160,"href":"https:\/\/cafe-flower.de\/index.php?rest_route=\/wp\/v2\/pages\/39\/revisions\/1160"}],"wp:attachment":[{"href":"https:\/\/cafe-flower.de\/index.php?rest_route=%2Fwp%2Fv2%2Fmedia&parent=39"}],"curies":[{"name":"wp","href":"https:\/\/api.w.org\/{rel}","templated":true}]}}